{"id":259,"date":"2026-08-06T11:19:38","date_gmt":"2026-08-06T11:19:38","guid":{"rendered":"https:\/\/wojciechkudla.pl\/?page_id=259"},"modified":"2026-09-01T15:39:33","modified_gmt":"2026-09-01T15:39:33","slug":"o-mnie","status":"publish","type":"page","link":"https:\/\/wojciechkudla.pl\/?page_id=259","title":{"rendered":"O mnie"},"content":{"rendered":"\t\t<div data-elementor-type=\"wp-page\" data-elementor-id=\"259\" class=\"elementor elementor-259\" data-elementor-post-type=\"page\">\n\t\t\t\t<div data-particle_enable=\"false\" data-particle-mobile-disabled=\"false\" class=\"elementor-element elementor-element-9b78b52 e-flex e-con-boxed e-con e-parent\" data-id=\"9b78b52\" data-element_type=\"container\" data-e-type=\"container\">\n\t\t\t\t\t<div class=\"e-con-inner\">\n\t\t\t\t<div class=\"elementor-element elementor-element-b705aec elementor-widget__width-initial eael-dual-header-content-align-center elementor-widget elementor-widget-eael-dual-color-header\" data-id=\"b705aec\" data-element_type=\"widget\" data-e-type=\"widget\" data-widget_type=\"eael-dual-color-header.default\">\n\t\t\t\t\t\t\t\t<div class=\"eael-dual-header\">\n\t\t\t\t<h2 class=\"title eael-dch-title\"><span class=\"eael-dch-title-text eael-dch-title-lead lead solid-color\">Kilka S\u0142\u00f3w<\/span> <span class=\"eael-dch-title-text\">o mnie<\/span><\/h2>\t\t\t<\/div>\n\n\t\t\t\t\t\t<\/div>\n\t\t\t\t\t<\/div>\n\t\t\t\t<\/div>\n\t\t<div data-particle_enable=\"false\" data-particle-mobile-disabled=\"false\" class=\"elementor-element elementor-element-2e6fb85 e-flex e-con-boxed e-con e-parent\" data-id=\"2e6fb85\" data-element_type=\"container\" data-e-type=\"container\">\n\t\t\t\t\t<div class=\"e-con-inner\">\n\t\t<div data-particle_enable=\"false\" data-particle-mobile-disabled=\"false\" class=\"elementor-element elementor-element-353616f e-con-full e-flex e-con e-child\" data-id=\"353616f\" data-element_type=\"container\" data-e-type=\"container\">\n\t\t\t\t<div class=\"elementor-element elementor-element-0f8f5c0 elementor-widget elementor-widget-text-editor\" data-id=\"0f8f5c0\" data-element_type=\"widget\" data-e-type=\"widget\" data-widget_type=\"text-editor.default\">\n\t\t\t\t\t\t\t\t\t<p>Nazywam si\u0119 Wojciech Kud\u0142a na co dzie\u0144,tworz\u0119 nowoczesne, funkcjonalne i estetyczne strony internetowe, kt\u00f3re nie tylko dobrze wygl\u0105daj\u0105, ale przede wszystkim pomagaj\u0105 firmom rozwija\u0107 si\u0119 w internecie.\u00a0<\/p><p>\u0141\u0105cz\u0119 design z intuicyjn\u0105 obs\u0142ug\u0105 i dba\u0142o\u015bci\u0105 o ka\u017cdy detal. Zale\u017cy mi na tym, aby ka\u017cda strona by\u0142a dopasowana do marki, jej klient\u00f3w i konkretnych cel\u00f3w biznesowych.<\/p><p class=\"isSelectedEnd\">Od pierwszego pomys\u0142u, przez projekt i dob\u00f3r odpowiednich rozwi\u0105za\u0144, a\u017c po finaln\u0105 realizacj\u0119 \u2013 dbam o ca\u0142y proces. Stawiam na przejrzyst\u0105 komunikacj\u0119, indywidualne podej\u015bcie i rozwi\u0105zania, kt\u00f3re maj\u0105 realn\u0105 warto\u015b\u0107.<\/p><p>Dobra strona internetowa to nie tylko wizyt\u00f3wka. To narz\u0119dzie, kt\u00f3re pracuje na Tw\u00f3j biznes.<\/p>\t\t\t\t\t\t\t\t<\/div>\n\t\t\t\t<\/div>\n\t\t<div data-particle_enable=\"false\" data-particle-mobile-disabled=\"false\" class=\"elementor-element elementor-element-9201cf4 e-con-full e-flex e-con e-child\" data-id=\"9201cf4\" data-element_type=\"container\" data-e-type=\"container\">\n\t\t\t\t<div class=\"elementor-element elementor-element-063ef8a elementor-widget elementor-widget-image\" data-id=\"063ef8a\" data-element_type=\"widget\" data-e-type=\"widget\" data-widget_type=\"image.default\">\n\t\t\t\t\t\t\t\t\t\t\t\t\t\t\t<img fetchpriority=\"high\" decoding=\"async\" width=\"433\" height=\"429\" src=\"https:\/\/wojciechkudla.pl\/wp-content\/uploads\/2026\/09\/IMG_20260901_101521_525-removebg-preview-1.png\" class=\"attachment-full size-full wp-image-748\" alt=\"\" srcset=\"https:\/\/wojciechkudla.pl\/wp-content\/uploads\/2026\/09\/IMG_20260901_101521_525-removebg-preview-1.png 433w, https:\/\/wojciechkudla.pl\/wp-content\/uploads\/2026\/09\/IMG_20260901_101521_525-removebg-preview-1-300x297.png 300w, https:\/\/wojciechkudla.pl\/wp-content\/uploads\/2026\/09\/IMG_20260901_101521_525-removebg-preview-1-150x150.png 150w, https:\/\/wojciechkudla.pl\/wp-content\/uploads\/2026\/09\/IMG_20260901_101521_525-removebg-preview-1-100x100.png 100w\" sizes=\"(max-width: 433px) 100vw, 433px\" \/>\t\t\t\t\t\t\t\t\t\t\t\t\t\t\t<\/div>\n\t\t\t\t<\/div>\n\t\t\t\t\t<\/div>\n\t\t\t\t<\/div>\n\t\t\t\t<\/div>\n\t\t","protected":false},"excerpt":{"rendered":"<p>Kilka S\u0142\u00f3w o mnie Nazywam si\u0119 Wojciech Kud\u0142a na co dzie\u0144,tworz\u0119 nowoczesne, funkcjonalne i estetyczne strony internetowe, kt\u00f3re nie tylko dobrze wygl\u0105daj\u0105, ale przede wszystkim pomagaj\u0105 firmom rozwija\u0107 si\u0119 w internecie.\u00a0 \u0141\u0105cz\u0119 design z intuicyjn\u0105 obs\u0142ug\u0105 i dba\u0142o\u015bci\u0105 o ka\u017cdy detal. Zale\u017cy mi na tym, aby ka\u017cda strona by\u0142a dopasowana do marki, jej klient\u00f3w i [&hellip;]<\/p>\n","protected":false},"author":1,"featured_media":243,"parent":0,"menu_order":0,"comment_status":"closed","ping_status":"closed","template":"","meta":{"_angie_page":false,"footnotes":""},"class_list":["post-259","page","type-page","status-publish","has-post-thumbnail","hentry"],"_links":{"self":[{"href":"https:\/\/wojciechkudla.pl\/index.php?rest_route=\/wp\/v2\/pages\/259","targetHints":{"allow":["GET"]}}],"collection":[{"href":"https:\/\/wojciechkudla.pl\/index.php?rest_route=\/wp\/v2\/pages"}],"about":[{"href":"https:\/\/wojciechkudla.pl\/index.php?rest_route=\/wp\/v2\/types\/page"}],"author":[{"embeddable":true,"href":"https:\/\/wojciechkudla.pl\/index.php?rest_route=\/wp\/v2\/users\/1"}],"replies":[{"embeddable":true,"href":"https:\/\/wojciechkudla.pl\/index.php?rest_route=%2Fwp%2Fv2%2Fcomments&post=259"}],"version-history":[{"count":40,"href":"https:\/\/wojciechkudla.pl\/index.php?rest_route=\/wp\/v2\/pages\/259\/revisions"}],"predecessor-version":[{"id":762,"href":"https:\/\/wojciechkudla.pl\/index.php?rest_route=\/wp\/v2\/pages\/259\/revisions\/762"}],"wp:featuredmedia":[{"embeddable":true,"href":"https:\/\/wojciechkudla.pl\/index.php?rest_route=\/wp\/v2\/media\/243"}],"wp:attachment":[{"href":"https:\/\/wojciechkudla.pl\/index.php?rest_route=%2Fwp%2Fv2%2Fmedia&parent=259"}],"curies":[{"name":"wp","href":"https:\/\/api.w.org\/{rel}","templated":true}]}}